{"id":58,"date":"2019-10-29T10:34:21","date_gmt":"2019-10-29T09:34:21","guid":{"rendered":"http:\/\/coteacoast.org\/?page_id=58"},"modified":"2026-03-10T13:49:57","modified_gmt":"2026-03-10T12:49:57","slug":"agenda","status":"publish","type":"page","link":"https:\/\/coteacoast.org\/index.php\/agenda\/","title":{"rendered":"Agenda"},"content":{"rendered":"<p>[et_pb_section fb_built=\u00a0\u00bb1&Prime; _builder_version=\u00a0\u00bb4.16&Prime; global_colors_info=\u00a0\u00bb{}\u00a0\u00bb][et_pb_row _builder_version=\u00a0\u00bb4.16&Prime; global_colors_info=\u00a0\u00bb{}\u00a0\u00bb][et_pb_column type=\u00a0\u00bb4_4&Prime; _builder_version=\u00a0\u00bb4.16&Prime; global_colors_info=\u00a0\u00bb{}\u00a0\u00bb][et_pb_text _builder_version=\u00a0\u00bb4.27.5&Prime; _module_preset=\u00a0\u00bbdefault\u00a0\u00bb hover_enabled=\u00a0\u00bb0&Prime; sticky_enabled=\u00a0\u00bb0&Prime;]<\/p>\n<h2><i class=\"\">Activit\u00e9s r\u00e9guli\u00e8res (hors vacances scolaires)\u00a0<\/i><\/h2>\n<div class=\"\"><\/div>\n<div class=\"\"><span class=\"\" style=\"font-family: Georgia;\">Conversation anglaise : tous les mardis de 14h30 \u00e0 16h ;<\/span><\/div>\n<div class=\"\"><span class=\"\" style=\"font-family: Georgia;\">Chants irlandais : tous les quinze jours, le mardi de 18 \u00e0 19h ;<\/span><\/div>\n<div class=\"\"><span class=\"\" style=\"font-family: Georgia;\">Caf\u00e9-rencontres <i class=\"\">Get Together <\/i>: chaque premier mercredi du mois, \u00e0 11h ou 18h selon la saison<\/span><\/div>\n<p>[\/et_pb_text][et_pb_text _builder_version=\u00a0\u00bb4.27.5&Prime; _module_preset=\u00a0\u00bbdefault\u00a0\u00bb hover_enabled=\u00a0\u00bb0&Prime; sticky_enabled=\u00a0\u00bb0&Prime;]<\/p>\n<h2><span class=\"\" style=\"font-family: Georgia;\">2026<\/span><\/h2>\n<div class=\"\"><span class=\"\" style=\"font-family: Georgia;\">\u00a0<\/span><\/div>\n<div class=\"\"><span class=\"\" style=\"font-family: Georgia;\">17 mars : f\u00eate de la Saint-Patrick<\/span><\/div>\n<div class=\"\"><span class=\"\" style=\"font-family: Georgia;\">3 f\u00e9vrier : Assembl\u00e9e g\u00e9n\u00e9rale<\/span><\/div>\n<div class=\"\"><span class=\"\" style=\"font-family: Georgia;\">\u00a0<\/span><\/div>\n<h2><span class=\"\" style=\"font-family: Georgia;\">2025\u00a0<\/span><\/h2>\n<div class=\"\"><span class=\"\" style=\"font-family: Georgia;\">\u00a0<\/span><\/div>\n<div class=\"\"><span class=\"\" style=\"font-family: Georgia;\">12 d\u00e9cembre : repas annuel \u00e0 la Tonnelle, avec le groupe Underhill<\/span><\/div>\n<div class=\"\"><span class=\"\" style=\"font-family: Georgia;\">5 novembre : journ\u00e9e d\u00e9couverte \u00e0 La Rochelle (Bunker et Templiers)<\/span><\/div>\n<div class=\"\"><span class=\"\" style=\"font-family: Georgia;\">5 octobre : sortie pub au Corrigans<\/span><\/div>\n<div class=\"\"><span class=\"\" style=\"font-family: Georgia;\">20-24 septembre : voyage \u00e0 Cork et Baltimore<\/span><\/div>\n<div class=\"\"><span class=\"\" style=\"font-family: Georgia;\">6 septembre : forum des associations<\/span><\/div>\n<div class=\"\"><span class=\"\" style=\"font-family: Georgia;\">10 juin : journ\u00e9e d\u00e9couverte en R\u00e9 (Lilleau des Niges et Atelier Quillet)<\/span><\/div>\n<div class=\"\"><span class=\"\" style=\"font-family: Georgia;\">16-17 mars : f\u00eate de la Saint-Patrick<\/span><\/div>\n<div class=\"\"><span class=\"\" style=\"font-family: Georgia;\">13 mars : r\u00e9union d\u2019information voyage \u00e0 Baltimore<\/span><\/div>\n<div class=\"\"><span class=\"\" style=\"font-family: Georgia;\">4 f\u00e9vrier : Assembl\u00e9e g\u00e9n\u00e9rale<\/span><\/div>\n<p>&nbsp;<\/p>\n<p>[\/et_pb_text][et_pb_accordion _builder_version=\u00a0\u00bb4.27.5&Prime; toggle_text_color=\u00a0\u00bb#21a81c\u00a0\u00bb toggle_level=\u00a0\u00bbh4&Prime; toggle_font=\u00a0\u00bbIrish Grover||||||||\u00a0\u00bb closed_toggle_font=\u00a0\u00bbIrish Grover||||||||\u00a0\u00bb body_font=\u00a0\u00bbHabibi||||||||\u00a0\u00bb hover_enabled=\u00a0\u00bb0&Prime; global_colors_info=\u00a0\u00bb{}\u00a0\u00bb sticky_enabled=\u00a0\u00bb0&Prime;][et_pb_accordion_item title=\u00a0\u00bbD\u00e9cembre 2024&Prime; open=\u00a0\u00bbon\u00a0\u00bb _builder_version=\u00a0\u00bb4.27.0&Prime; global_colors_info=\u00a0\u00bb{}\u00a0\u00bb]<\/p>\n<div class=\"\">3 d\u00e9cembre &#8211; Conversation anglaise et chants irlandais<\/div>\n<div class=\"\">4 d\u00e9cembre &#8211; Get together<\/div>\n<div class=\"\">10 d\u00e9cembre &#8211; Conversations anglaises<\/div>\n<div class=\"\">17 d\u00e9cembre &#8211; Conversations anglaises et chants irlandais<\/div>\n<p>[\/et_pb_accordion_item][et_pb_accordion_item title=\u00a0\u00bbNovembre 2024&Prime; _builder_version=\u00a0\u00bb4.27.0&Prime; global_colors_info=\u00a0\u00bb{}\u00a0\u00bb open=\u00a0\u00bboff\u00a0\u00bb]<\/p>\n<div class=\"\">5 novembre &#8211; Conversation anglaise et chants irlandais<\/div>\n<div class=\"\">12 novembre &#8211; Conversations anglaises<\/div>\n<div class=\"\">19 novembre &#8211; Conversations anglaises et chants irlandais<\/div>\n<div class=\"\">26 novembre &#8211; Conversations anglaises<\/div>\n<div class=\"\">29 novembre &#8211; repas annuel<\/div>\n<p>[\/et_pb_accordion_item][et_pb_accordion_item title=\u00a0\u00bbOctobre 2024&Prime; _builder_version=\u00a0\u00bb4.27.0&Prime; global_colors_info=\u00a0\u00bb{}\u00a0\u00bb open=\u00a0\u00bboff\u00a0\u00bb]<\/p>\n<div class=\"\">1 octobre &#8211; Conversation anglaise et chants irlandais<\/div>\n<div class=\"\">2 octobre &#8211; Get together<\/div>\n<div class=\"\">8 octobre &#8211; Conversations anglaises<\/div>\n<div class=\"\">15 octobre &#8211; Conversations anglaises<\/div>\n<div class=\"\">22 octobre &#8211; Conversations anglaises<\/div>\n<div class=\"\">29 octobre &#8211; Conversations anglaises<\/div>\n<p>[\/et_pb_accordion_item][et_pb_accordion_item title=\u00a0\u00bbSeptembre 2024&Prime; _builder_version=\u00a0\u00bb4.27.0&Prime; global_colors_info=\u00a0\u00bb{}\u00a0\u00bb open=\u00a0\u00bboff\u00a0\u00bb]<\/p>\n<div class=\"\">4 septembre &#8211; Get together<\/div>\n<div class=\"\">17 septembre &#8211; Chants irlandais<\/div>\n<div class=\"\">\n<div class=\"\">24 septembre &#8211; Conversation anglaise\u00a0<\/div>\n<\/div>\n<p>&nbsp;<\/p>\n<p>[\/et_pb_accordion_item][et_pb_accordion_item title=\u00a0\u00bbMars 2024&Prime; _builder_version=\u00a0\u00bb4.24.0&Prime; global_colors_info=\u00a0\u00bb{}\u00a0\u00bb open=\u00a0\u00bboff\u00a0\u00bb]<\/p>\n<div class=\"\">5 mars &#8211; Conversation anglaise et chants irlandais<\/div>\n<div class=\"\">7 mars &#8211; Get together<\/div>\n<div class=\"\">\n<div class=\"\">12 mars &#8211; Conversation anglaise et chants irlandais<\/div>\n<\/div>\n<div class=\"\">17 mars &#8211; F\u00eate de la Saint-Patrick aux Carrelets<\/div>\n<div class=\"\">19 mars &#8211; Conversation anglaise<\/div>\n<div class=\"\">\n<div class=\"\">26 mars &#8211; Conversation anglaise et chants irlandais<\/div>\n<\/div>\n<p>&nbsp;<\/p>\n<p>[\/et_pb_accordion_item][et_pb_accordion_item title=\u00a0\u00bbF\u00e9vrier 2024&Prime; _builder_version=\u00a0\u00bb4.24.0&Prime; global_colors_info=\u00a0\u00bb{}\u00a0\u00bb open=\u00a0\u00bboff\u00a0\u00bb]<\/p>\n<div class=\"\">\n<div class=\"\">\n<div class=\"\">\n<div class=\"\">6 f\u00e9vrier &#8211; Conversation anglaise<\/div>\n<div class=\"\">7 f\u00e9vrier &#8211; Get together<\/div>\n<div class=\"\">\n<div class=\"\">13 f\u00e9vrier &#8211; Conversation anglaise et chants irlandais<\/div>\n<\/div>\n<div class=\"\">20 f\u00e9vrier &#8211; Conversation anglaise<\/div>\n<div class=\"\">\n<div class=\"\">27 f\u00e9vrier &#8211; Conversation anglaise<\/div>\n<\/div>\n<\/div>\n<\/div>\n<\/div>\n<p>[\/et_pb_accordion_item][et_pb_accordion_item title=\u00a0\u00bbJanvier 2024&Prime; _builder_version=\u00a0\u00bb4.24.0&Prime; global_colors_info=\u00a0\u00bb{}\u00a0\u00bb open=\u00a0\u00bboff\u00a0\u00bb]<\/p>\n<div class=\"\">\n<div class=\"\">\n<div class=\"\">\n<div class=\"\">3 janvier &#8211; Get together<\/div>\n<div class=\"\">16 janvier &#8211; Conversation anglaise et chants irlandais<\/div>\n<div class=\"\">23 janvier &#8211; Conversation anglaise\u00a0<\/div>\n<div class=\"\">\n<div class=\"\">30 janvier &#8211; Conversation anglaise\u00a0<\/div>\n<\/div>\n<p><span>26 janvier &#8211; Assembl\u00e9e g\u00e9n\u00e9rale (salle Simenon &#8211; 18 heures)<\/span><\/div>\n<\/div>\n<\/div>\n<p>[\/et_pb_accordion_item][et_pb_accordion_item title=\u00a0\u00bbD\u00e9cembre 2023&Prime; _builder_version=\u00a0\u00bb4.22.2&Prime; global_colors_info=\u00a0\u00bb{}\u00a0\u00bb open=\u00a0\u00bboff\u00a0\u00bb]<\/p>\n<div class=\"\">\n<div class=\"\">\n<div class=\"\">1er d\u00e9cembre &#8211; Repas annuel (salle de la Tonnelle &#8211; 19 heures)<\/div>\n<div class=\"\">\n<div class=\"\">5 d\u00e9cembre &#8211; Conversation anglaise et chants irlandais<\/div>\n<div class=\"\">12 d\u00e9cembre &#8211; Conversation anglaise<\/div>\n<\/div>\n<div class=\"\">\n<div class=\"\">\n<div class=\"\">19 d\u00e9cembre &#8211; Conversation anglaise et chants irlandais<\/div>\n<\/div>\n<\/div>\n<\/div>\n<\/div>\n<p>[\/et_pb_accordion_item][et_pb_accordion_item title=\u00a0\u00bbNovembre 2023&Prime; _builder_version=\u00a0\u00bb4.22.2&Prime; global_colors_info=\u00a0\u00bb{}\u00a0\u00bb open=\u00a0\u00bboff\u00a0\u00bb]<\/p>\n<div class=\"\">\n<div class=\"\">7 novembre &#8211; Conversation anglaise et chants irlandais<\/div>\n<div class=\"\">13 novembre &#8211; Sortie pub au McNulty (9 rue Verdi\u00e8re, La Rochelle)<\/div>\n<div class=\"\">14 novembre &#8211; Conversation anglaise<\/div>\n<div class=\"\">\n<div class=\"\">21 novembre &#8211; Conversation anglaise et chants irlandais<\/div>\n<\/div>\n<div class=\"\">\n<div class=\"\">28 novembre &#8211; Conversation anglaise<\/div>\n<\/div>\n<\/div>\n<p>[\/et_pb_accordion_item][et_pb_accordion_item title=\u00a0\u00bbOctobre 2023&Prime; _builder_version=\u00a0\u00bb4.22.2&Prime; global_colors_info=\u00a0\u00bb{}\u00a0\u00bb open=\u00a0\u00bboff\u00a0\u00bb]<\/p>\n<div class=\"\">2 octobre &#8211; Excursion \u00e0 Saint-Martin de R\u00e9 avec visite du mus\u00e9e Ernest Cognacq<\/div>\n<div class=\"\">3 octobre &#8211; Conversation anglaise et chants irlandais<\/div>\n<div class=\"\">4 octobre &#8211; Get together au Marsellois<\/div>\n<div class=\"\">10 octobre &#8211; Conversation anglaise<\/div>\n<div class=\"\">17 octobre &#8211; Conversation anglaise et chants irlandais<\/div>\n<p>[\/et_pb_accordion_item][et_pb_accordion_item title=\u00a0\u00bbSeptembre 2023&Prime; _builder_version=\u00a0\u00bb4.22.1&Prime; global_colors_info=\u00a0\u00bb{}\u00a0\u00bb open=\u00a0\u00bboff\u00a0\u00bb]<\/p>\n<p>6 septembre &#8211; Get Together au Marsellois<br \/>9 septembre &#8211; Forum des associations<br \/>19 septembre &#8211; Conversation anglaise et chants irlandais<br \/>26 septembre &#8211; Conversation anglaise<\/p>\n<p>[\/et_pb_accordion_item][et_pb_accordion_item title=\u00a0\u00bbJuillet 2023&Prime; _builder_version=\u00a0\u00bb4.22.1&Prime; global_colors_info=\u00a0\u00bb{}\u00a0\u00bb open=\u00a0\u00bboff\u00a0\u00bb]<\/p>\n<p>5 juillet &#8211; Get Together sp\u00e9cial au golf de la Pr\u00e9e<\/p>\n<p>[\/et_pb_accordion_item][et_pb_accordion_item title=\u00a0\u00bbJuin 2023&Prime; _builder_version=\u00a0\u00bb4.22.1&Prime; global_colors_info=\u00a0\u00bb{}\u00a0\u00bb open=\u00a0\u00bboff\u00a0\u00bb]6 juin &#8211; Chants irlandais<br \/>\n7 juin &#8211; Get Together sp\u00e9cial chez Laurette<br \/>\n9 au 16 juin &#8211; Voyage en Irlande<br \/>\n20 juin &#8211; Chants irlandais<br \/>\n27 juin &#8211; Pot amical C\u00f4te \u00e0 Coast[\/et_pb_accordion_item][et_pb_accordion_item title=\u00a0\u00bbMai 2023&Prime; _builder_version=\u00a0\u00bb4.22.1&Prime; global_colors_info=\u00a0\u00bb{}\u00a0\u00bb open=\u00a0\u00bboff\u00a0\u00bb]<\/p>\n<div class=\"\">\n<p>3 mai &#8211; Get Together au Marsellois<br \/>9 mai &#8211; Conversation anglaise et chants irlandais<br \/>23 mai &#8211; Conversation anglaise et chants irlandais<\/p>\n<\/div>\n<p>&nbsp;<\/p>\n<p>[\/et_pb_accordion_item][et_pb_accordion_item title=\u00a0\u00bbAvril 2023&Prime; _builder_version=\u00a0\u00bb4.20.0&Prime; global_colors_info=\u00a0\u00bb{}\u00a0\u00bb open=\u00a0\u00bboff\u00a0\u00bb]<\/p>\n<div class=\"\"><span class=\"\">4 avril &#8211; Conversation anglaise<\/span><\/div>\n<div class=\"\"><span class=\"\">5 avril &#8211; Get Together<\/span><\/div>\n<div class=\"\"><span class=\"\">11 avril &#8211; Conversation anglaise et chants irlandais<\/span><\/div>\n<div class=\"\"><span class=\"\">18 avril &#8211; Conversation anglaise<\/span><\/div>\n<div class=\"\"><span class=\"\">25 avril &#8211; Conversation anglaise et chants irlandais<\/span><\/div>\n<div class=\"\"><span class=\"\">29 avril &#8211; Journ\u00e9e excursion \u00e0 Blaye<\/span><\/div>\n<p>&nbsp;<\/p>\n<p>[\/et_pb_accordion_item][et_pb_accordion_item title=\u00a0\u00bbMars 2023&Prime; _builder_version=\u00a0\u00bb4.20.0&Prime; global_colors_info=\u00a0\u00bb{}\u00a0\u00bb open=\u00a0\u00bboff\u00a0\u00bb]<\/p>\n<div class=\"\">1er mars : Get Together<\/div>\n<div class=\"\">7 mars : conversation anglaise<\/div>\n<div class=\"\">17 mars : Saint-Patrick<\/div>\n<div class=\"\">\n<div class=\"\"><span class=\"\">28 mars &#8211; Conversation anglaise et chants irlandais<\/span><\/div>\n<\/div>\n<p>&nbsp;<\/p>\n<p>[\/et_pb_accordion_item][et_pb_accordion_item title=\u00a0\u00bbF\u00e9vrier 2023&Prime; _builder_version=\u00a0\u00bb4.19.1&Prime; global_colors_info=\u00a0\u00bb{}\u00a0\u00bb open=\u00a0\u00bboff\u00a0\u00bb]<\/p>\n<div class=\"\">1er f\u00e9vrier : Get Together<\/div>\n<div class=\"\">3 f\u00e9vrier : Assembl\u00e9e g\u00e9n\u00e9rale<\/div>\n<div class=\"\">7 f\u00e9vrier : chants irlandais<\/div>\n<div class=\"\">21 f\u00e9vrier : conversation anglaise\u00a0<\/div>\n<div class=\"\">\n<div class=\"\">28 f\u00e9vrier : conversation anglaise et chants irlandais<\/div>\n<\/div>\n<p>[\/et_pb_accordion_item][et_pb_accordion_item title=\u00a0\u00bbJanvier 2023&Prime; _builder_version=\u00a0\u00bb4.19.1&Prime; global_colors_info=\u00a0\u00bb{}\u00a0\u00bb open=\u00a0\u00bboff\u00a0\u00bb]<\/p>\n<div class=\"\">10 janvier : conversation anglaise et chants irlandais<\/div>\n<div class=\"\">17 janvier : conversation anglaise<\/div>\n<div class=\"\">24 janvier : conversation anglaise et chants irlandais<\/div>\n<div class=\"\">31 janvier : conversation anglaise<\/div>\n<p>[\/et_pb_accordion_item][et_pb_accordion_item title=\u00a0\u00bbD\u00e9cembre 2022&Prime; _builder_version=\u00a0\u00bb4.19.1&Prime; global_colors_info=\u00a0\u00bb{}\u00a0\u00bb open=\u00a0\u00bboff\u00a0\u00bb]<\/p>\n<div class=\"\">13 d\u00e9cembre : conversation anglaise et chants irlandais<\/div>\n<div class=\"\">15 d\u00e9cembre : Sortie Pub Mc Ewan&rsquo;s<\/div>\n<p>[\/et_pb_accordion_item][et_pb_accordion_item title=\u00a0\u00bbNovembre 2022&Prime; _builder_version=\u00a0\u00bb4.19.1&Prime; global_colors_info=\u00a0\u00bb{}\u00a0\u00bb open=\u00a0\u00bboff\u00a0\u00bb]<\/p>\n<div class=\"\">8 novembre : conversation anglaise et chants irlandais<\/div>\n<div class=\"\">18 novembre : r\u00e9union du bureau<\/div>\n<div class=\"\">22 novembre : conversation anglaise et chants irlandais<\/div>\n<div class=\"\">26 novembre : repas annuel au restaurant du Golf de la Pr\u00e9e<\/div>\n<div class=\"\">29 novembre : conversation anglaise<\/div>\n<p>[\/et_pb_accordion_item][et_pb_accordion_item title=\u00a0\u00bbOctobre 2022&Prime; _builder_version=\u00a0\u00bb4.19.1&Prime; global_colors_info=\u00a0\u00bb{}\u00a0\u00bb open=\u00a0\u00bboff\u00a0\u00bb]<\/p>\n<div class=\"\">\n<div class=\"\">2 octobre : accueil de John Kearney et de son ami Peter \u00e0 l\u2019occasion du Grand Pavois<\/div>\n<div class=\"\">4 octobre : conversation anglaise<\/div>\n<\/div>\n<div class=\"\">5 octobre : Get Together au Marsellois<\/div>\n<div class=\"\">11 octobre : conversation anglaise et conseil d\u2019administration<\/div>\n<div class=\"\">13 octobre : pr\u00e9sentation voyages en Irlande 2023<\/div>\n<div class=\"\">18 octobre conversation anglaise et chants irlandais<\/div>\n<p>[\/et_pb_accordion_item][et_pb_accordion_item title=\u00a0\u00bbSeptembre 2022&Prime; _builder_version=\u00a0\u00bb4.19.1&Prime; global_colors_info=\u00a0\u00bb{}\u00a0\u00bb open=\u00a0\u00bboff\u00a0\u00bb]<\/p>\n<div class=\"\">\n<div class=\"\">3 septembre : forum des association \u00e0 Marsilly (voir photo, de droite \u00e0 gauche : Rosaleen, Henri, Catherine et Marc)<\/div>\n<div class=\"\">20 septembre : conversation anglaise<\/div>\n<div class=\"\">27 septembre : conversation anglaise<\/div>\n<\/div>\n<p>&nbsp;<\/p>\n<p>[\/et_pb_accordion_item][et_pb_accordion_item title=\u00a0\u00bbAo\u00fbt 2022&Prime; _builder_version=\u00a0\u00bb4.19.1&Prime; global_colors_info=\u00a0\u00bb{}\u00a0\u00bb open=\u00a0\u00bboff\u00a0\u00bb]<\/p>\n<div class=\"\"><span>25 ao\u00fbt : r\u00e9union du bureau<\/span><\/div>\n<p>&nbsp;<\/p>\n<p>[\/et_pb_accordion_item][et_pb_accordion_item title=\u00a0\u00bbJuillet 2022&Prime; _builder_version=\u00a0\u00bb4.19.1&Prime; global_colors_info=\u00a0\u00bb{}\u00a0\u00bb open=\u00a0\u00bboff\u00a0\u00bb]<\/p>\n<div class=\"\">6 juillet : Get Together au Marsellois<\/div>\n<p>&nbsp;<\/p>\n<p>[\/et_pb_accordion_item][et_pb_accordion_item title=\u00a0\u00bbJuin 2022&Prime; _builder_version=\u00a0\u00bb4.19.1&Prime; global_colors_info=\u00a0\u00bb{}\u00a0\u00bb open=\u00a0\u00bboff\u00a0\u00bb]<\/p>\n<p>Mercredi 1er juin : Get Together<\/p>\n<p>Mardi 7 juin : Conversation anglaise<\/p>\n<p>11 juin : Sp\u00e9cial Get Together \u00e0 la cabane \u00ab\u00a0Face \u00e0 la mer\u00a0\u00bb<\/p>\n<p>Mardi 14 juin : Conversation anglaise<\/p>\n<p>14 juin : conseil d&rsquo;administration<\/p>\n<p>Mardi 21 juin : Conversation anglaise<\/p>\n<p>Samedi 25 juin et dimanche 26 juin : F\u00eate des Mars(\u00e7)illy avec la pr\u00e9sence de Colin Whooley et de son \u00e9pouse<\/p>\n<p>Mardi 28 juin : Conversation anglaise (derni\u00e8re s\u00e9ance)<\/p>\n<p>[\/et_pb_accordion_item][et_pb_accordion_item title=\u00a0\u00bbMai 2022&Prime; _builder_version=\u00a0\u00bb4.17.4&Prime; global_colors_info=\u00a0\u00bb{}\u00a0\u00bb open=\u00a0\u00bboff\u00a0\u00bb]<\/p>\n<p>Mardi 3 mai : Conversation anglaise<\/p>\n<p>Mercredi 4 mai : Get Together au Marsellois<\/p>\n<p>Mardi 10 mai : Conversation anglaise<\/p>\n<p>Lundi 16 mai : r\u00e9union du Bureau<\/p>\n<p>Mardi 17 mai : Conversation anglaise<\/p>\n<p>Mardi 24 mai : Conversation anglaise<\/p>\n<p>Samedi 28 mai : excursion pique-nique \u00e0 Mareuil-sur-Lay (85)<\/p>\n<p>Mardi 31 mai : Conversation anglaise<\/p>\n<p>[\/et_pb_accordion_item][et_pb_accordion_item title=\u00a0\u00bbAvril 2022&Prime; _builder_version=\u00a0\u00bb4.17.4&Prime; global_colors_info=\u00a0\u00bb{}\u00a0\u00bb open=\u00a0\u00bboff\u00a0\u00bb]<\/p>\n<p>Mardi 5 avril : Conversation anglaise<\/p>\n<p>Mercredi 6 avril : Get Together au Marsellois<\/p>\n<p>Mardi 12 avril : Conversation anglaise<\/p>\n<p>Lundi 25 avril : r\u00e9union Commission voyages<\/p>\n<p>[\/et_pb_accordion_item][et_pb_accordion_item title=\u00a0\u00bbMars 2022&Prime; _builder_version=\u00a0\u00bb4.17.4&Prime; global_colors_info=\u00a0\u00bb{}\u00a0\u00bb open=\u00a0\u00bboff\u00a0\u00bb]<\/p>\n<p>Mercredi 2 mars : Get Together au Marsellois<\/p>\n<p>Mardi 15 mars : Conversation anglaise<\/p>\n<p>Jeudi 17 mars : lev\u00e9e des couleurs irlandaises et fran\u00e7aises pour la f\u00eate de la Saint-Patrick<\/p>\n<p>Vendredi 18 mars : R\u00e9ception pour la Saint-Patrick, salle Simenon<\/p>\n<p>Mardi 22 mars : Conversation anglaise et visioconf\u00e9rence avec Baltimore<\/p>\n<p>Jeudi 31 mars : r\u00e9union du Bureau<\/p>\n<p>Vendredi 25 f\u00e9vrier : r\u00e9union du Conseil d\u2019administration, \u00e9lection du nouveau bureau<\/p>\n<p>&nbsp;<\/p>\n<p>[\/et_pb_accordion_item][et_pb_accordion_item title=\u00a0\u00bbF\u00e9vrier 2022&Prime; _builder_version=\u00a0\u00bb4.17.4&Prime; global_colors_info=\u00a0\u00bb{}\u00a0\u00bb open=\u00a0\u00bboff\u00a0\u00bb]<\/p>\n<p>Mercredi 2 f\u00e9vrier : Get Together au Marsellois<\/p>\n<p>Samedi 12 f\u00e9vrier : Assembl\u00e9e g\u00e9n\u00e9rale salle Simenon<\/p>\n<p>Vendredi 25 f\u00e9vrier : r\u00e9union du Conseil d\u2019administration, \u00e9lection du nouveau bureau<\/p>\n<p>&nbsp;<\/p>\n<p>[\/et_pb_accordion_item][et_pb_accordion_item title=\u00a0\u00bbJanvier 2022&Prime; _builder_version=\u00a0\u00bb4.17.4&Prime; global_colors_info=\u00a0\u00bb{}\u00a0\u00bb open=\u00a0\u00bboff\u00a0\u00bb]<\/p>\n<p>Mercredi 5 janvier : Get Together au Marsellois<\/p>\n<p>Mardi 18 janvier : Conversation anglaise et r\u00e9union du Conseil d&rsquo;administration<\/p>\n<p>&nbsp;<\/p>\n<p>[\/et_pb_accordion_item][et_pb_accordion_item title=\u00a0\u00bbD\u00e9cembre 2021&Prime; _builder_version=\u00a0\u00bb4.16&Prime; global_colors_info=\u00a0\u00bb{}\u00a0\u00bb open=\u00a0\u00bboff\u00a0\u00bb]<\/p>\n<p>Get Together le premier mercredi du mois au Caf\u00e9 \u00a0\u00bb Le Marcellois \u00a0\u00bb \u00a0place des carrelets.<\/p>\n<p>&nbsp;<\/p>\n<p>[\/et_pb_accordion_item][et_pb_accordion_item title=\u00a0\u00bbNovembre 2021&Prime; _builder_version=\u00a0\u00bb4.17.4&Prime; global_colors_info=\u00a0\u00bb{}\u00a0\u00bb open=\u00a0\u00bboff\u00a0\u00bb]<\/p>\n<p>Get Together le premier mercredi du mois au Caf\u00e9 \u00a0\u00bb Le Marcellois \u00a0\u00bb \u00a0place des carrelets.<\/p>\n<div>Dimanche 21 novembre : sortie pub au Corrigans avec concert de T\u00eate en l\u2019Eire.<\/div>\n<p>&nbsp;<\/p>\n<p>[\/et_pb_accordion_item][et_pb_accordion_item title=\u00a0\u00bbOctobre 2021&Prime; _builder_version=\u00a0\u00bb4.16&Prime; global_colors_info=\u00a0\u00bb{}\u00a0\u00bb open=\u00a0\u00bboff\u00a0\u00bb]<\/p>\n<p>Get Together le premier mercredi du mois au Caf\u00e9 \u00a0\u00bb Le Marcellois \u00a0\u00bb \u00a0place des carrelets.<\/p>\n<p>&nbsp;<\/p>\n<p>[\/et_pb_accordion_item][et_pb_accordion_item title=\u00a0\u00bbSeptembre 2021&Prime; _builder_version=\u00a0\u00bb4.16&Prime; global_colors_info=\u00a0\u00bb{}\u00a0\u00bb open=\u00a0\u00bboff\u00a0\u00bb]<\/p>\n<p>Forum des Associations<\/p>\n<p>&nbsp;<\/p>\n<p>[\/et_pb_accordion_item][et_pb_accordion_item title=\u00a0\u00bbJuillet 2021&Prime; _builder_version=\u00a0\u00bb4.16&Prime; global_colors_info=\u00a0\u00bb{}\u00a0\u00bb open=\u00a0\u00bboff\u00a0\u00bb]<\/p>\n<p>Conseil d&rsquo;administration de l&rsquo;assocaition Coast \u00e0 Coast.<\/p>\n<p>F\u00eate du port de la pelle.<\/p>\n<p>&nbsp;<\/p>\n<p>[\/et_pb_accordion_item][et_pb_accordion_item title=\u00a0\u00bbJuin 2021&Prime; _builder_version=\u00a0\u00bb4.16&Prime; global_colors_info=\u00a0\u00bb{}\u00a0\u00bb open=\u00a0\u00bboff\u00a0\u00bb]<\/p>\n<p>Activit\u00e9 participative citoyenne : nettoyage de la c\u00f4te<\/p>\n<p>&nbsp;<\/p>\n<p>[\/et_pb_accordion_item][et_pb_accordion_item title=\u00a0\u00bbMai 2021&Prime; _builder_version=\u00a0\u00bb4.16&Prime; global_colors_info=\u00a0\u00bb{}\u00a0\u00bb open=\u00a0\u00bboff\u00a0\u00bb]<\/p>\n<p>Get together<\/p>\n<p>&nbsp;<\/p>\n<p>[\/et_pb_accordion_item][et_pb_accordion_item title=\u00a0\u00bbAvril 2021&Prime; _builder_version=\u00a0\u00bb4.16&Prime; global_colors_info=\u00a0\u00bb{}\u00a0\u00bb open=\u00a0\u00bboff\u00a0\u00bb]<\/p>\n<p>Get Together<\/p>\n<p>&nbsp;<\/p>\n<p>[\/et_pb_accordion_item][et_pb_accordion_item title=\u00a0\u00bbMars 2021&Prime; _builder_version=\u00a0\u00bb4.16&Prime; global_colors_info=\u00a0\u00bb{}\u00a0\u00bb open=\u00a0\u00bboff\u00a0\u00bb]<\/p>\n<p>F\u00eate de la Saint Patrick : Place des carrelets<\/p>\n<p>Avec la participation des jeunes de l&rsquo;AFR de Marsilly \u00e0 la r\u00e9alisation des maquettes de Tr\u00e8fles &#8211; Shamrock<\/p>\n<p>&nbsp;<\/p>\n<p>[\/et_pb_accordion_item][et_pb_accordion_item title=\u00a0\u00bbF\u00e9vrier 2021&Prime; _builder_version=\u00a0\u00bb4.16&Prime; global_colors_info=\u00a0\u00bb{}\u00a0\u00bb open=\u00a0\u00bboff\u00a0\u00bb]<\/p>\n<p>Les activit\u00e9s sont suspendues en raison de l&rsquo;\u00e9pid\u00e9mie de COVID 19<\/p>\n<p>[\/et_pb_accordion_item][et_pb_accordion_item title=\u00a0\u00bbJanvier 2021&Prime; _builder_version=\u00a0\u00bb4.16&Prime; global_colors_info=\u00a0\u00bb{}\u00a0\u00bb open=\u00a0\u00bboff\u00a0\u00bb]<\/p>\n<p>Les activit\u00e9s sont suspendues en raison de l&rsquo;\u00e9pid\u00e9mie de COVID 19<\/p>\n<p>[\/et_pb_accordion_item][et_pb_accordion_item title=\u00a0\u00bbD\u00e9cembre 2020&Prime; _builder_version=\u00a0\u00bb4.16&Prime; global_colors_info=\u00a0\u00bb{}\u00a0\u00bb open=\u00a0\u00bboff\u00a0\u00bb]<\/p>\n<p>Conversation anglaise \u2013 Salle du Petit Poucet le mardi de 14H30 \u00e0 16H00 \u2013 le 1, 8.<\/p>\n<p>Jeudi de 19H00 \u00e0 20H30 \u2013 le 3, 10.<\/p>\n<p>Get together \u2013 mercredi 2 d\u00e9cembre \u2013 11H00 au Marsellois.<\/p>\n<p>[\/et_pb_accordion_item][et_pb_accordion_item title=\u00a0\u00bbNovembre 2020&Prime; _builder_version=\u00a0\u00bb4.16&Prime; global_colors_info=\u00a0\u00bb{}\u00a0\u00bb open=\u00a0\u00bboff\u00a0\u00bb]<\/p>\n<p>Conversation anglaise \u2013 Salle du Petit Poucet le mardi de 14H30 \u00e0 16H00 \u2013 le 3, 10, 17, 24.<\/p>\n<p>Jeudi de 19H00 \u00e0 20H30 \u2013 le 5, 12, 19, 26.<\/p>\n<p>Get together\u00a0: mercredi 4 novembre \u00e0 partir de 11H00 au Marsellois.<\/p>\n<p>[\/et_pb_accordion_item][et_pb_accordion_item title=\u00a0\u00bbOctobre 2020&Prime; _builder_version=\u00a0\u00bb4.16&Prime; global_colors_info=\u00a0\u00bb{}\u00a0\u00bb open=\u00a0\u00bboff\u00a0\u00bb]<\/p>\n<p>Conversation anglaise \u2013 Salle du Petit Poucet le mardi de 14H30 \u00e0 16H00 \u2013 le 6, 13, 20, 27.<\/p>\n<p>Jeudi de 19H00 \u00e0 20H30 \u2013 le 1,8, 15, 22, 29.<\/p>\n<p>Get together \u2013 mercredi 7 octobre \u00e0 partir de 11H00 au Marsellois.<\/p>\n<p>Get together &#8211;<span class=\"Apple-converted-space\">\u00a0 <\/span>mercredi 9 septembre \u00e0 partir de 11H00 au Marsellois. <span class=\"Apple-converted-space\">\u00a0 \u00a0<\/span><\/p>\n<p>[\/et_pb_accordion_item][et_pb_accordion_item title=\u00a0\u00bbSeptembre 2020&Prime; _builder_version=\u00a0\u00bb4.16&Prime; global_colors_info=\u00a0\u00bb{}\u00a0\u00bb open=\u00a0\u00bboff\u00a0\u00bb]<\/p>\n<p>5 Septembre \u2013 Forum des associations de Marsilly \u00e0 la salle Simenon.<\/p>\n<p>\u00a0Conversation anglaise \u2013 Salle du Petit Poucet, le mardi de 14H30 \u00e0 16H00 \u2013 le 15, 22, 29.<\/p>\n<p>Jeudi de 19H00 \u00e0 20H30 \u2013 le 17, 24.<\/p>\n<p>\u00a0Get together &#8211;<span class=\"Apple-converted-space\">\u00a0 <\/span>mercredi 9 septembre \u00e0 partir de 11H00 au Marsellois. <span class=\"Apple-converted-space\">\u00a0 \u00a0<\/span><\/p>\n<p>\u00a0<strong>12 septembre &#8211; Les adh\u00e9rents se retrouvent autour d\u2019un ap\u00e9ro dinatoire, salle Simenon.<\/strong><\/p>\n<p>[\/et_pb_accordion_item][et_pb_accordion_item title=\u00a0\u00bbAo\u00fbt 2020&Prime; _builder_version=\u00a0\u00bb4.16&Prime; global_colors_info=\u00a0\u00bb{}\u00a0\u00bb open=\u00a0\u00bboff\u00a0\u00bb]<\/p>\n<p><span style=\"text-decoration: line-through;\"><span style=\"color: #ff0000; text-decoration: line-through;\">Sous r\u00e9serve de l&rsquo;\u00e9volution de la situation sanitaire en France et en Irlande<\/span><\/span><\/p>\n<p><span style=\"text-decoration: line-through;\">27 juillet au 4 ao\u00fbt \u2013 d\u00e9part du groupe des jeunes irlandais et fran\u00e7ais pour Baltimore.<\/span><br \/><span style=\"text-decoration: line-through;\"> 4 au 7 ao\u00fbt \u2013 visite de Dublin et retour \u00e0 Marsilly.<\/span><br \/> ************<br \/> <span style=\"text-decoration: line-through;\">7 au 9 Ao\u00fbt 2020 \u2013 Festival Inter Celtique de Lorient<\/span><\/p>\n<p><span style=\"color: #ff0000;\">LES ACTIVIT\u00c9S SONT ANNUL\u00c9ES !\u00a0<\/span><\/p>\n<p><span style=\"color: #ff0000;\"><span style=\"color: #008000;\">Nous esp\u00e9rons reprendre nos \u00e9changes en 2021<\/span> \ud83d\ude0a<\/span><\/p>\n<p>[\/et_pb_accordion_item][et_pb_accordion_item title=\u00a0\u00bbJuillet 2020&Prime; _builder_version=\u00a0\u00bb4.16&Prime; global_colors_info=\u00a0\u00bb{}\u00a0\u00bb open=\u00a0\u00bboff\u00a0\u00bb]<\/p>\n<p><span style=\"text-decoration: line-through;\"><span style=\"color: #ff0000; text-decoration: line-through;\">Sous r\u00e9serve de l&rsquo;\u00e9volution de la situation sanitaire en France et en Irlande<\/span><\/span><\/p>\n<p><span style=\"text-decoration: line-through;\">Echange des jeunes 2020.<\/span><br \/> <span style=\"text-decoration: line-through;\"> 20 au 27 juillet \u2013 arriv\u00e9e des jeunes irlandais \u00e0 Marsilly et accueil dans les familles.<\/span><br \/> <span style=\"text-decoration: line-through;\"> 27 au 4 ao\u00fbt \u2013 d\u00e9part du groupe des jeunes irlandais et fran\u00e7ais pour Baltimore. Accueil dans les familles irlandaises la semaine \u00e0 Baltimore.<\/span><\/p>\n<p><span face=\"Times New Roman, serif\" style=\"font-family: 'Times New Roman', serif;\"><span size=\"3\" style=\"font-size: medium;\"><\/span><\/span><span style=\"color: #ff0000;\">LE VOYAGE EST ANNUL\u00c9 !\u00a0<\/span><\/p>\n<p><span style=\"color: #008000;\">Rendez-vous en 2021 pour un nouvel \u00e9change pour nos jeunes !<\/span><\/p>\n<p>[\/et_pb_accordion_item][et_pb_accordion_item title=\u00a0\u00bbJuin 2020&Prime; _builder_version=\u00a0\u00bb4.16&Prime; global_colors_info=\u00a0\u00bb{}\u00a0\u00bb open=\u00a0\u00bboff\u00a0\u00bb]<\/p>\n<p><span style=\"text-decoration: line-through;\"><span style=\"color: #ff0000; text-decoration: line-through;\">Sous r\u00e9serve de l&rsquo;\u00e9volution sanitaire en France et en Irlande<\/span><\/span><\/p>\n<p><span style=\"text-decoration: line-through;\">5 au 12 juin 2020 \u2013 Voyage en Irlande des adultes<\/span>. <span style=\"color: #ff0000;\">*** ANNUL\u00c9 ***\u00a0<\/span><\/p>\n<p>Conversation anglaise<span style=\"text-decoration: line-through;\"> \u2013 Salle du Petit Poucet le mardi de 14H30 \u00e0 16H00 \u2013 le 2<\/span><br \/> <span style=\"text-decoration: line-through;\"> Jeudi de 19H00 \u00e0 20H30 \u2013 le<\/span> 4 <span style=\"color: #008000;\">*** REPRISE EN SEPTEMBRE***<\/span><\/p>\n<p><span style=\"text-decoration: line-through;\">Get together \u2013 mercredi 10 juin \u00e0 partir de 11H00 au Marsellois<\/span>.<span style=\"color: #ff0000;\"> *** ANNUL\u00c9 ***<\/span><\/p>\n<p>[\/et_pb_accordion_item][et_pb_accordion_item title=\u00a0\u00bbMai 2020&Prime; _builder_version=\u00a0\u00bb4.16&Prime; global_colors_info=\u00a0\u00bb{}\u00a0\u00bb open=\u00a0\u00bboff\u00a0\u00bb]<\/p>\n<p><span style=\"color: #008000;\">Conversation anglaise \u2013 Les derniers exercices envoy\u00e9s le seront par mail. L&rsquo;activit\u00e9 se terminera le 31 mai, weekend de la Pentec\u00f4te. La reprise se fera en septembre.<\/span><\/p>\n<p><span style=\"text-decoration: line-through;\">R\u00e9union avec les familles et les jeunes pour l\u2019\u00e9change 2020, le 15 Mai \u00e0 19H00, salle de l\u2019Atelier, 16, Rue de l\u2019Ancienne Poste \u2013 Marsilly<\/span><\/p>\n<p><span style=\"text-decoration: line-through;\">Organisation d\u2019un pique nique dans l\u2019\u00eele de R\u00e9. Date \u00e0 determiner.<\/span><\/p>\n<p><span style=\"text-decoration: line-through;\">Get together \u2013 mercredi 13 mai \u00e0 partir de 11H00 au Marsellois.<\/span><\/p>\n<p><span style=\"text-decoration: line-through;\"><span style=\"color: #ff0000; text-decoration: line-through;\">Les activit\u00e9s seront \u00e0 confirmer suivant l&rsquo;\u00e9volution sanitaire de la France.<\/span><\/span><\/p>\n<p>[\/et_pb_accordion_item][et_pb_accordion_item title=\u00a0\u00bbAvril 2020&Prime; _builder_version=\u00a0\u00bb4.16&Prime; global_colors_info=\u00a0\u00bb{}\u00a0\u00bb open=\u00a0\u00bboff\u00a0\u00bb]<\/p>\n<p><span style=\"text-decoration: line-through;\">Conversation anglaise \u2013 Salle du Petit Poucet le mardi de 14H30 \u00e0 16H00 \u2013 le 7, 14, 21, 28.<\/span><br \/> <span style=\"text-decoration: line-through;\"> Jeudi de 19H00 \u00e0 20H30 \u2013 le 2, 9, 16, 23, 30.<\/span><\/p>\n<p><span style=\"color: #ff0000;\">Maintien de la conversation anglaise en t\u00e9l\u00e9travail suivant le programme communiqu\u00e9 par Phil.<\/span><\/p>\n<p><span style=\"text-decoration: line-through;\">Get together\u00a0: mercredi 15 avril \u00e0 partir de 11H00 au Marsellois.\u00a0<\/span><\/p>\n<p>&nbsp;<\/p>\n<p>[\/et_pb_accordion_item][et_pb_accordion_item title=\u00a0\u00bbMars 2020&Prime; _builder_version=\u00a0\u00bb4.16&Prime; global_colors_info=\u00a0\u00bb{}\u00a0\u00bb open=\u00a0\u00bboff\u00a0\u00bb]<\/p>\n<p>Conversation anglaise \u2013 Salle du Petit Poucet le mardi de 14H30 \u00e0 16H00 \u2013 le 10, 17, 24, 31.<br \/> Jeudi de 19H00 \u00e0 20H30 \u2013 le 12, 19, 26.<\/p>\n<p><span style=\"color: #ff0000;\">La conversation anglaise passe en t\u00e9l\u00e9travail.\u00a0<\/span><\/p>\n<p>Get together \u2013 mercredi 11 mars \u00e0 partir de 11H00 au Marsellois.<\/p>\n<p><span style=\"text-decoration: line-through;\">17 mars \u2013 Saint Patrick \u2013 Salle \u00e0 d\u00e9finir. \u2013 Prestation des Chants marins de La Rochelle et une tombola.<\/span><\/p>\n<p>[\/et_pb_accordion_item][et_pb_accordion_item title=\u00a0\u00bbJanvier 2020&Prime; _builder_version=\u00a0\u00bb4.16&Prime; global_colors_info=\u00a0\u00bb{}\u00a0\u00bb open=\u00a0\u00bboff\u00a0\u00bb]<\/p>\n<p>Conversation anglaise Salle du Petit Poucet\u00a0: les mardis de 14H30 \u00e0 16H00 \u2013<br \/> les Jeudis de 19H00 \u00e0 20H30 \u2013<\/p>\n<p>Vendredi 31 janvier\u00a0\u00e0 18H30\u00a0: r\u00e9union du conseil d&rsquo;administration de CoteACoast<br \/> salle de l&rsquo;atelier, rue de l&rsquo;ancienne poste<\/p>\n<p>[\/et_pb_accordion_item][et_pb_accordion_item title=\u00a0\u00bbD\u00e9cembre 2019&Prime; _builder_version=\u00a0\u00bb4.16&Prime; global_colors_info=\u00a0\u00bb{}\u00a0\u00bb open=\u00a0\u00bboff\u00a0\u00bb]<\/p>\n<p>7 D\u00e9cembre \u2013 Repas des adh\u00e9rents. Salle de la Tonnelle \u2013 complexe Chansigaud.<\/p>\n<p>Conversation anglaise &#8211; Salle du Petit Poucet le mardi de 14H30 \u00e0 16H00 \u2013 le 3, le 10, le 17d\u00e9cembre.<br \/> Jeudi de 19H00 \u00e0 20H30 \u2013 le 5, le 12 d\u00e9cembre.<\/p>\n<p>19 d\u00e9cembre &#8211; conversation anglaise suivi du pot de No\u00ebl \u2013 Christmas drink.<\/p>\n<p>[\/et_pb_accordion_item][et_pb_accordion_item title=\u00a0\u00bbNovembre 2019&Prime; _builder_version=\u00a0\u00bb4.16&Prime; global_colors_info=\u00a0\u00bb{}\u00a0\u00bb open=\u00a0\u00bboff\u00a0\u00bb]Conversation anglaise Salle du Petit Poucet le mardi de 14H30 \u00e0 16H00 \u2013 le 5, le 13, le 19 et le 26 novembre.<br \/>\nJeudi de19H00 \u00e0 20H30  &#8211; le 7, le 14, le 21 et le 28 novembre.<\/p>\n<p>R\u00e9union avec les familles et les jeunes. Conditions du prochain \u00e9change. Salle XXXXXX, 16, rue de l\u2019Ancienne Poste. Date \u00e0 d\u00e9terminer.<\/p>\n<p>Jeudi 21 novembre \u2013 D\u00e9gustation du Beaujolais Nouveau au caf\u00e9 \u00ab\u00a0Lerouge aux L\u00e8vres\u00a0\u00bb 4, Rue des Cloutiers &#8211;  La Rochelle.[\/et_pb_accordion_item][et_pb_accordion_item title=\u00a0\u00bbOctobre 2019&Prime; _builder_version=\u00a0\u00bb4.16&Prime; global_colors_info=\u00a0\u00bb{}\u00a0\u00bb open=\u00a0\u00bboff\u00a0\u00bb]<\/p>\n<p>Conversation anglaise Salle du Petit Poucet, le mardi de 14H30 \u00e0 16H00 \u2013 le 1er, le 8, le 15, le 22 et le 29 octobre.<br \/> Le jeudi de 19H00 \u00e0 20H30 &#8211; le 3, le10, le 17, le 24 et le 31octobre.<\/p>\n<p>Vendredi 4 octobre \u2013 R\u00e9union des jeunes qui ont fait l\u2019\u00e9change 2019, Salle XXXXX 16 Rue de l\u2019Ancienne Poste \u2013 Marsilly, \u00e0 19H00.<\/p>\n<p>Organisation d\u2019un s\u00e9jour de 3 jours au Festival Interceltique de Lorient pour 2020. Inscriptions urgentes.<\/p>\n<p>Inscription des jeunes (de 14 \u00e0 18 ans) pour un \u00e9change avec ceux de Baltimore en 2020 entre le 15 juillet et le 15 ao\u00fbt.<br \/> Contacter Mme Jeannette Sarraud (05 46 01 46 42) ou Mme Rosaleen Ardouin (06 65 55 17 23).<\/p>\n<p>\u00ab\u00a0Get together\u00a0\u00bb R\u00e9union conviviale au caf\u00e9 Le Marsellois et\/ou Le Manhattan, Place des Carrelets \u00e0 Marsilly, le 1er mercredi de chaque mois.<\/p>\n<p>[\/et_pb_accordion_item][et_pb_accordion_item title=\u00a0\u00bbSeptembre 2019&Prime; _builder_version=\u00a0\u00bb4.16&Prime; global_colors_info=\u00a0\u00bb{}\u00a0\u00bb open=\u00a0\u00bboff\u00a0\u00bb]<\/p>\n<p>7 Septembre \u2013 Forum des Associations Salle Simenon. Ouverture au public \u00e0 partir de 10H00.<\/p>\n<p>Durant le Forum, Inscription des jeunes (de 14 \u00e0 18 ans) pour un \u00e9change avec ceux de Baltimore en 2020 entre le 15 juillet et le 15 ao\u00fbt.<br \/> Contacter Mme Jeannette Sarraud (05 46 01 46 42) ou Mme Rosaleen Ardouin (06 65 55 17 23).<\/p>\n<p>Conversation anglaise Salle du Petit Poucet\u00a0: Mardi de 14H30 \u00e0 16H00 \u2013 le 10, le 17 et le 24 septembre.<br \/> Jeudi de 19H00 \u00e0 20H30 &#8211; le 12, le 19 et le 26 septembre.<\/p>\n<p>[\/et_pb_accordion_item][et_pb_accordion_item title=\u00a0\u00bbF\u00e9vrier 2020&Prime; _builder_version=\u00a0\u00bb4.16&Prime; global_colors_info=\u00a0\u00bb{}\u00a0\u00bb open=\u00a0\u00bboff\u00a0\u00bb]<\/p>\n<p>Assembl\u00e9e G\u00e9n\u00e9rale de l\u2019Association C\u00f4te \u00e0 Coast \u2013 le 7 f\u00e9vrier \u00e0 18H30, Salle Simenon<\/p>\n<p>Conversation anglaise \u2013 Salle du Petit Poucet, le mardi de 14H30 \u00e0 16H00 \u2013 le 4, 11, 18,<br \/> Jeudi de 19H00 \u00e0 20H30 \u2013 le 6, 13, 20.<\/p>\n<p>Get together &#8211; mercredi 12 f\u00e9vrier \u00e0 partir de 11H00 au Marsellois.<\/p>\n<p>R\u00e9union avec les familles et les jeunes pour l\u2019\u00e9change 2020, le 14 f\u00e9vrier \u00e0 19H00 salle de l\u2019Atelier, 16, Rue de l\u2019Ancienne Poste &#8211; Marsilly<\/p>\n<p>15 f\u00e9vrier \u2013 Fest Noz \u2013 Bal Breton \u00e0 Dompierre sur Mer<\/p>\n<p>[\/et_pb_accordion_item][\/et_pb_accordion][\/et_pb_column][\/et_pb_row][\/et_pb_section]<\/p>\n","protected":false},"excerpt":{"rendered":"<p>Activit\u00e9s r\u00e9guli\u00e8res (hors vacances scolaires)\u00a0 Conversation anglaise : tous les mardis de 14h30 \u00e0 16h ; Chants irlandais : tous les quinze jours, le mardi de 18 \u00e0 19h ; Caf\u00e9-rencontres Get Together : chaque premier mercredi du mois, \u00e0 11h ou 18h selon la saison2026 \u00a0 17 mars : f\u00eate de la Saint-Patrick 3 [&hellip;]<\/p>\n","protected":false},"author":1,"featured_media":0,"parent":0,"menu_order":0,"comment_status":"closed","ping_status":"closed","template":"","meta":{"_et_pb_use_builder":"on","_et_pb_old_content":"","_et_gb_content_width":"","footnotes":""},"class_list":["post-58","page","type-page","status-publish","hentry"],"jetpack_sharing_enabled":true,"_links":{"self":[{"href":"https:\/\/coteacoast.org\/index.php\/wp-json\/wp\/v2\/pages\/58","targetHints":{"allow":["GET"]}}],"collection":[{"href":"https:\/\/coteacoast.org\/index.php\/wp-json\/wp\/v2\/pages"}],"about":[{"href":"https:\/\/coteacoast.org\/index.php\/wp-json\/wp\/v2\/types\/page"}],"author":[{"embeddable":true,"href":"https:\/\/coteacoast.org\/index.php\/wp-json\/wp\/v2\/users\/1"}],"replies":[{"embeddable":true,"href":"https:\/\/coteacoast.org\/index.php\/wp-json\/wp\/v2\/comments?post=58"}],"version-history":[{"count":5,"href":"https:\/\/coteacoast.org\/index.php\/wp-json\/wp\/v2\/pages\/58\/revisions"}],"predecessor-version":[{"id":1113,"href":"https:\/\/coteacoast.org\/index.php\/wp-json\/wp\/v2\/pages\/58\/revisions\/1113"}],"wp:attachment":[{"href":"https:\/\/coteacoast.org\/index.php\/wp-json\/wp\/v2\/media?parent=58"}],"curies":[{"name":"wp","href":"https:\/\/api.w.org\/{rel}","templated":true}]}}